{"id":6,"date":"2023-11-10T12:40:16","date_gmt":"2023-11-10T15:40:16","guid":{"rendered":"https:\/\/dataref.net\/mx\/?page_id=6"},"modified":"2024-04-03T09:41:34","modified_gmt":"2024-04-03T12:41:34","slug":"noticias","status":"publish","type":"page","link":"https:\/\/dataref.net\/mx\/","title":{"rendered":"Noticias"},"content":{"rendered":"\t\t<div data-elementor-type=\"wp-page\" data-elementor-id=\"6\" class=\"elementor elementor-6\" data-elementor-post-type=\"page\">\n\t\t\t\t<div class=\"elementor-element elementor-element-529fed7 e-flex e-con-boxed e-con e-parent\" data-id=\"529fed7\" data-element_type=\"container\">\n\t\t\t\t\t<div class=\"e-con-inner\">\n\t\t<div class=\"elementor-element elementor-element-2c5713b e-con-full e-flex e-con e-child\" data-id=\"2c5713b\" data-element_type=\"container\">\n\t\t\t\t<div class=\"elementor-element elementor-element-3af271a elementor-widget elementor-widget-jkit_post_block\" data-id=\"3af271a\" data-element_type=\"widget\" data-widget_type=\"jkit_post_block.default\">\n\t\t\t\t<div class=\"elementor-widget-container\">\n\t\t\t\t\t<div  class=\"jeg-elementor-kit jkit-postblock postblock-type-3 jkit-pagination-disable post-element jeg_module___6a9df5f695cac\"  data-id=\"jeg_module___6a9df5f695cac\" data-settings=\"{&quot;post_type&quot;:&quot;post&quot;,&quot;number_post&quot;:{&quot;unit&quot;:&quot;px&quot;,&quot;size&quot;:1,&quot;sizes&quot;:[]},&quot;post_offset&quot;:0,&quot;unique_content&quot;:&quot;disable&quot;,&quot;include_post&quot;:&quot;&quot;,&quot;exclude_post&quot;:&quot;&quot;,&quot;include_category&quot;:&quot;&quot;,&quot;exclude_category&quot;:&quot;28&quot;,&quot;include_author&quot;:&quot;&quot;,&quot;include_tag&quot;:&quot;&quot;,&quot;exclude_tag&quot;:&quot;&quot;,&quot;sort_by&quot;:&quot;latest&quot;,&quot;pagination_mode&quot;:&quot;disable&quot;,&quot;pagination_loadmore_text&quot;:&quot;Load More&quot;,&quot;pagination_loading_text&quot;:&quot;Loading...&quot;,&quot;pagination_number_post&quot;:{&quot;unit&quot;:&quot;px&quot;,&quot;size&quot;:3,&quot;sizes&quot;:[]},&quot;pagination_scroll_limit&quot;:0,&quot;pagination_icon&quot;:{&quot;value&quot;:&quot;&quot;,&quot;library&quot;:&quot;&quot;},&quot;pagination_icon_position&quot;:&quot;before&quot;,&quot;st_category_position&quot;:&quot;center&quot;,&quot;sg_content_postblock_type&quot;:&quot;type-3&quot;,&quot;sg_content_element_order&quot;:&quot;title&quot;,&quot;sg_content_breakpoint&quot;:&quot;tablet&quot;,&quot;sg_content_title_html_tag&quot;:&quot;h3&quot;,&quot;sg_content_category_enable&quot;:&quot;&quot;,&quot;sg_content_excerpt_enable&quot;:&quot;&quot;,&quot;sg_content_excerpt_length&quot;:{&quot;unit&quot;:&quot;px&quot;,&quot;size&quot;:20,&quot;sizes&quot;:[]},&quot;sg_content_excerpt_more&quot;:&quot;...&quot;,&quot;sg_content_readmore_enable&quot;:&quot;&quot;,&quot;sg_content_readmore_icon&quot;:{&quot;value&quot;:&quot;fas fa-arrow-right&quot;,&quot;library&quot;:&quot;fa-solid&quot;},&quot;sg_content_readmore_icon_position&quot;:&quot;after&quot;,&quot;sg_content_readmore_text&quot;:&quot;Read More&quot;,&quot;sg_content_comment_enable&quot;:&quot;yes&quot;,&quot;sg_content_comment_icon&quot;:{&quot;value&quot;:&quot;fas fa-comment&quot;,&quot;library&quot;:&quot;fa-solid&quot;},&quot;sg_content_comment_icon_position&quot;:&quot;before&quot;,&quot;sg_content_meta_enable&quot;:&quot;yes&quot;,&quot;sg_content_meta_author_enable&quot;:&quot;yes&quot;,&quot;sg_content_meta_author_by_text&quot;:&quot;by&quot;,&quot;sg_content_meta_author_icon&quot;:{&quot;value&quot;:&quot;fas fa-user&quot;,&quot;library&quot;:&quot;fa-solid&quot;},&quot;sg_content_meta_author_icon_position&quot;:&quot;before&quot;,&quot;sg_content_meta_date_enable&quot;:&quot;yes&quot;,&quot;sg_content_meta_date_type&quot;:&quot;published&quot;,&quot;sg_content_meta_date_format&quot;:&quot;default&quot;,&quot;sg_content_meta_date_format_custom&quot;:&quot;F j, Y&quot;,&quot;sg_content_meta_date_icon&quot;:{&quot;value&quot;:&quot;fas fa-clock&quot;,&quot;library&quot;:&quot;fa-solid&quot;},&quot;sg_content_meta_date_icon_position&quot;:&quot;before&quot;,&quot;sg_content_image_size_imagesize_size&quot;:&quot;full&quot;,&quot;paged&quot;:1,&quot;class&quot;:&quot;jkit_post_block&quot;}\"><div class=\"jkit-block-container\"><div class=\"jkit-posts jkit-ajax-flag\">\n            <article class=\"jkit-post post-7375 post type-post status-publish format-standard has-post-thumbnail hentry category-leagues-cup tag-america-2 tag-inteligencia-artificial tag-leagues-cup tag-leon-2 tag-monterrey tag-toluca\">\n                    <div class=\"jkit-thumb\"><a aria-label=\"LEAGUES CUP 2026: la IA predice a los FINALISTAS\" href=\"https:\/\/dataref.net\/mx\/leagues-cup-2026-la-ia-predice-a-los-finalistas\/\"><div class=\"thumbnail-container \">\n            <img loading=\"lazy\" decoding=\"async\" width=\"800\" height=\"480\" src=\"https:\/\/dataref.net\/mx\/wp-content\/uploads\/2026\/08\/ChatGPT-Image-27-ago-2026-04_22_09-p.m.jpg\" class=\"attachment-full size-full wp-post-image\" alt=\"\" loading=\"lazy\" srcset=\"https:\/\/dataref.net\/mx\/wp-content\/uploads\/2026\/08\/ChatGPT-Image-27-ago-2026-04_22_09-p.m.jpg 800w, https:\/\/dataref.net\/mx\/wp-content\/uploads\/2026\/08\/ChatGPT-Image-27-ago-2026-04_22_09-p.m-300x180.jpg 300w, https:\/\/dataref.net\/mx\/wp-content\/uploads\/2026\/08\/ChatGPT-Image-27-ago-2026-04_22_09-p.m-768x461.jpg 768w\" sizes=\"auto, (max-width: 800px) 100vw, 800px\" \/>\n        <\/div><\/a><\/div>\n                    <div class=\"jkit-postblock-content\"><h3 class=\"jkit-post-title\">\n\t\t\t\t\t\t\t<a href=\"https:\/\/dataref.net\/mx\/leagues-cup-2026-la-ia-predice-a-los-finalistas\/\">LEAGUES CUP 2026: la IA predice a los FINALISTAS<\/a>\n\t\t\t\t\t\t<\/h3><\/div>\n                <\/article>\n        <\/div><\/div><\/div>\t\t\t\t<\/div>\n\t\t\t\t<\/div>\n\t\t\t\t<div class=\"elementor-element elementor-element-8885f1c elementor-widget elementor-widget-jkit_post_block\" data-id=\"8885f1c\" data-element_type=\"widget\" data-widget_type=\"jkit_post_block.default\">\n\t\t\t\t<div class=\"elementor-widget-container\">\n\t\t\t\t\t<div  class=\"jeg-elementor-kit jkit-postblock postblock-type-3 jkit-pagination-disable post-element jeg_module__1_6a9df5f6980a8\"  data-id=\"jeg_module__1_6a9df5f6980a8\" data-settings=\"{&quot;post_type&quot;:&quot;post&quot;,&quot;number_post&quot;:{&quot;unit&quot;:&quot;px&quot;,&quot;size&quot;:20,&quot;sizes&quot;:[]},&quot;post_offset&quot;:1,&quot;unique_content&quot;:&quot;disable&quot;,&quot;include_post&quot;:&quot;&quot;,&quot;exclude_post&quot;:&quot;&quot;,&quot;include_category&quot;:&quot;&quot;,&quot;exclude_category&quot;:&quot;28&quot;,&quot;include_author&quot;:&quot;&quot;,&quot;include_tag&quot;:&quot;&quot;,&quot;exclude_tag&quot;:&quot;&quot;,&quot;sort_by&quot;:&quot;latest&quot;,&quot;pagination_mode&quot;:&quot;disable&quot;,&quot;pagination_loadmore_text&quot;:&quot;Load More&quot;,&quot;pagination_loading_text&quot;:&quot;Loading...&quot;,&quot;pagination_number_post&quot;:{&quot;unit&quot;:&quot;px&quot;,&quot;size&quot;:3,&quot;sizes&quot;:[]},&quot;pagination_scroll_limit&quot;:0,&quot;pagination_icon&quot;:{&quot;value&quot;:&quot;&quot;,&quot;library&quot;:&quot;&quot;},&quot;pagination_icon_position&quot;:&quot;before&quot;,&quot;st_category_position&quot;:&quot;center&quot;,&quot;sg_content_postblock_type&quot;:&quot;type-3&quot;,&quot;sg_content_element_order&quot;:&quot;title&quot;,&quot;sg_content_breakpoint&quot;:&quot;tablet&quot;,&quot;sg_content_title_html_tag&quot;:&quot;h3&quot;,&quot;sg_content_category_enable&quot;:&quot;&quot;,&quot;sg_content_excerpt_enable&quot;:&quot;&quot;,&quot;sg_content_excerpt_length&quot;:{&quot;unit&quot;:&quot;px&quot;,&quot;size&quot;:20,&quot;sizes&quot;:[]},&quot;sg_content_excerpt_more&quot;:&quot;...&quot;,&quot;sg_content_readmore_enable&quot;:&quot;&quot;,&quot;sg_content_readmore_icon&quot;:{&quot;value&quot;:&quot;fas fa-arrow-right&quot;,&quot;library&quot;:&quot;fa-solid&quot;},&quot;sg_content_readmore_icon_position&quot;:&quot;after&quot;,&quot;sg_content_readmore_text&quot;:&quot;Read More&quot;,&quot;sg_content_comment_enable&quot;:&quot;yes&quot;,&quot;sg_content_comment_icon&quot;:{&quot;value&quot;:&quot;fas fa-comment&quot;,&quot;library&quot;:&quot;fa-solid&quot;},&quot;sg_content_comment_icon_position&quot;:&quot;before&quot;,&quot;sg_content_meta_enable&quot;:&quot;yes&quot;,&quot;sg_content_meta_author_enable&quot;:&quot;yes&quot;,&quot;sg_content_meta_author_by_text&quot;:&quot;by&quot;,&quot;sg_content_meta_author_icon&quot;:{&quot;value&quot;:&quot;fas fa-user&quot;,&quot;library&quot;:&quot;fa-solid&quot;},&quot;sg_content_meta_author_icon_position&quot;:&quot;before&quot;,&quot;sg_content_meta_date_enable&quot;:&quot;yes&quot;,&quot;sg_content_meta_date_type&quot;:&quot;published&quot;,&quot;sg_content_meta_date_format&quot;:&quot;default&quot;,&quot;sg_content_meta_date_format_custom&quot;:&quot;F j, Y&quot;,&quot;sg_content_meta_date_icon&quot;:{&quot;value&quot;:&quot;fas fa-clock&quot;,&quot;library&quot;:&quot;fa-solid&quot;},&quot;sg_content_meta_date_icon_position&quot;:&quot;before&quot;,&quot;sg_content_image_size_imagesize_size&quot;:&quot;full&quot;,&quot;paged&quot;:1,&quot;class&quot;:&quot;jkit_post_block&quot;}\"><div class=\"jkit-block-container\"><div class=\"jkit-posts jkit-ajax-flag\">\n            <article class=\"jkit-post post-7364 post type-post status-publish format-standard has-post-thumbnail hentry category-mercado tag-armando-gonzalez tag-chivas tag-europa tag-javier-hernandez tag-liga-mx tag-mercado\">\n                    <div class=\"jkit-thumb\"><a aria-label=\"MERCADO DE FICHAJES: \u00bfcu\u00e1les fueron las 5 ventas M\u00c1S CARAS de Chivas a Europa?\" href=\"https:\/\/dataref.net\/mx\/mercado-de-fichajes-cuales-fueron-las-5-ventas-mas-caras-de-chivas-a-europa\/\"><div class=\"thumbnail-container \">\n            <img loading=\"lazy\" decoding=\"async\" width=\"800\" height=\"480\" src=\"https:\/\/dataref.net\/mx\/wp-content\/uploads\/2026\/08\/ChatGPT-Image-25-ago-2026-10_19_35-a.m.jpg\" class=\"attachment-full size-full wp-post-image\" alt=\"\" loading=\"lazy\" srcset=\"https:\/\/dataref.net\/mx\/wp-content\/uploads\/2026\/08\/ChatGPT-Image-25-ago-2026-10_19_35-a.m.jpg 800w, https:\/\/dataref.net\/mx\/wp-content\/uploads\/2026\/08\/ChatGPT-Image-25-ago-2026-10_19_35-a.m-300x180.jpg 300w, https:\/\/dataref.net\/mx\/wp-content\/uploads\/2026\/08\/ChatGPT-Image-25-ago-2026-10_19_35-a.m-768x461.jpg 768w\" sizes=\"auto, (max-width: 800px) 100vw, 800px\" \/>\n        <\/div><\/a><\/div>\n                    <div class=\"jkit-postblock-content\"><h3 class=\"jkit-post-title\">\n\t\t\t\t\t\t\t<a href=\"https:\/\/dataref.net\/mx\/mercado-de-fichajes-cuales-fueron-las-5-ventas-mas-caras-de-chivas-a-europa\/\">MERCADO DE FICHAJES: \u00bfcu\u00e1les fueron las 5 ventas M\u00c1S CARAS de Chivas a Europa?<\/a>\n\t\t\t\t\t\t<\/h3><\/div>\n                <\/article><article class=\"jkit-post post-7356 post type-post status-publish format-standard has-post-thumbnail hentry category-noticias tag-al-qadsiah-2 tag-eafc-27 tag-julian-quinones tag-mundial-2026 tag-seleccion-mexicana\">\n                    <div class=\"jkit-thumb\"><a aria-label=\"EA FC 27: JULI\u00c1N QUI\u00d1ONES se convierte en el tercer mejor mexicano de la historia\" href=\"https:\/\/dataref.net\/mx\/ea-fc-27-julian-quinones-se-convierte-en-el-tercer-mejor-mexicano-de-la-historia\/\"><div class=\"thumbnail-container \">\n            <img loading=\"lazy\" decoding=\"async\" width=\"800\" height=\"450\" src=\"https:\/\/dataref.net\/mx\/wp-content\/uploads\/2026\/08\/ChatGPT-Image-21-ago-2026-04_04_52-p.m.jpg\" class=\"attachment-full size-full wp-post-image\" alt=\"\" loading=\"lazy\" srcset=\"https:\/\/dataref.net\/mx\/wp-content\/uploads\/2026\/08\/ChatGPT-Image-21-ago-2026-04_04_52-p.m.jpg 800w, https:\/\/dataref.net\/mx\/wp-content\/uploads\/2026\/08\/ChatGPT-Image-21-ago-2026-04_04_52-p.m-300x169.jpg 300w, https:\/\/dataref.net\/mx\/wp-content\/uploads\/2026\/08\/ChatGPT-Image-21-ago-2026-04_04_52-p.m-768x432.jpg 768w\" sizes=\"auto, (max-width: 800px) 100vw, 800px\" \/>\n        <\/div><\/a><\/div>\n                    <div class=\"jkit-postblock-content\"><h3 class=\"jkit-post-title\">\n\t\t\t\t\t\t\t<a href=\"https:\/\/dataref.net\/mx\/ea-fc-27-julian-quinones-se-convierte-en-el-tercer-mejor-mexicano-de-la-historia\/\">EA FC 27: JULI\u00c1N QUI\u00d1ONES se convierte en el tercer mejor mexicano de la historia<\/a>\n\t\t\t\t\t\t<\/h3><\/div>\n                <\/article><article class=\"jkit-post post-7346 post type-post status-publish format-standard has-post-thumbnail hentry category-copa-del-mundo tag-cristiano-ronaldo tag-mundial-2026 tag-seleccion-portugal\">\n                    <div class=\"jkit-thumb\"><a aria-label=\"MUNDIAL 2026: los dos R\u00c9CORDS que bati\u00f3 Cristiano Ronaldo en Portugal-Uzbekist\u00e1n\" href=\"https:\/\/dataref.net\/mx\/mundial-2026-los-dos-records-que-batio-cristiano-ronaldo-en-portugal-uzbekistan\/\"><div class=\"thumbnail-container \">\n            <img loading=\"lazy\" decoding=\"async\" width=\"800\" height=\"533\" src=\"https:\/\/dataref.net\/mx\/wp-content\/uploads\/2026\/06\/2282434285_f.jpg\" class=\"attachment-full size-full wp-post-image\" alt=\"\" loading=\"lazy\" srcset=\"https:\/\/dataref.net\/mx\/wp-content\/uploads\/2026\/06\/2282434285_f.jpg 800w, https:\/\/dataref.net\/mx\/wp-content\/uploads\/2026\/06\/2282434285_f-300x200.jpg 300w, https:\/\/dataref.net\/mx\/wp-content\/uploads\/2026\/06\/2282434285_f-768x512.jpg 768w\" sizes=\"auto, (max-width: 800px) 100vw, 800px\" \/>\n        <\/div><\/a><\/div>\n                    <div class=\"jkit-postblock-content\"><h3 class=\"jkit-post-title\">\n\t\t\t\t\t\t\t<a href=\"https:\/\/dataref.net\/mx\/mundial-2026-los-dos-records-que-batio-cristiano-ronaldo-en-portugal-uzbekistan\/\">MUNDIAL 2026: los dos R\u00c9CORDS que bati\u00f3 Cristiano Ronaldo en Portugal-Uzbekist\u00e1n<\/a>\n\t\t\t\t\t\t<\/h3><\/div>\n                <\/article><article class=\"jkit-post post-7333 post type-post status-publish format-standard has-post-thumbnail hentry category-seleccion-mexicana tag-julian-quinones tag-mundial-2026 tag-seleccion-mexicana tag-seleccion-sudafrica\">\n                    <div class=\"jkit-thumb\"><a aria-label=\"\u00a1A LOS 9 MINUTOS! El GOL de Juli\u00e1n Qui\u00f1ones para el 1-0 de la Selecci\u00f3n Mexicana ante Sud\u00e1frica\" href=\"https:\/\/dataref.net\/mx\/a-los-9-minutos-el-gol-de-julian-quinones-para-el-1-0-de-la-seleccion-mexicana-ante-sudafrica\/\"><div class=\"thumbnail-container \">\n            <img loading=\"lazy\" decoding=\"async\" width=\"800\" height=\"480\" src=\"https:\/\/dataref.net\/mx\/wp-content\/uploads\/2026\/06\/gettyimages-2280431524-2048x2048-1.jpg\" class=\"attachment-full size-full wp-post-image\" alt=\"\" loading=\"lazy\" srcset=\"https:\/\/dataref.net\/mx\/wp-content\/uploads\/2026\/06\/gettyimages-2280431524-2048x2048-1.jpg 800w, https:\/\/dataref.net\/mx\/wp-content\/uploads\/2026\/06\/gettyimages-2280431524-2048x2048-1-300x180.jpg 300w, https:\/\/dataref.net\/mx\/wp-content\/uploads\/2026\/06\/gettyimages-2280431524-2048x2048-1-768x461.jpg 768w\" sizes=\"auto, (max-width: 800px) 100vw, 800px\" \/>\n        <\/div><\/a><\/div>\n                    <div class=\"jkit-postblock-content\"><h3 class=\"jkit-post-title\">\n\t\t\t\t\t\t\t<a href=\"https:\/\/dataref.net\/mx\/a-los-9-minutos-el-gol-de-julian-quinones-para-el-1-0-de-la-seleccion-mexicana-ante-sudafrica\/\">\u00a1A LOS 9 MINUTOS! El GOL de Juli\u00e1n Qui\u00f1ones para el 1-0 de la Selecci\u00f3n Mexicana ante Sud\u00e1frica<\/a>\n\t\t\t\t\t\t<\/h3><\/div>\n                <\/article><article class=\"jkit-post post-7314 post type-post status-publish format-standard has-post-thumbnail hentry category-seleccion-mexicana tag-estadio-banorte tag-mundial-2026 tag-seleccion-mexicana tag-seleccion-sudafrica\">\n                    <div class=\"jkit-thumb\"><a aria-label=\"As\u00ed le fue a la SELECCI\u00d3N MEXICANA en sus DEBUTS por Copa del Mundo\" href=\"https:\/\/dataref.net\/mx\/asi-le-fue-a-la-seleccion-mexicana-en-sus-debuts-por-copa-del-mundo\/\"><div class=\"thumbnail-container \">\n            <img loading=\"lazy\" decoding=\"async\" width=\"800\" height=\"450\" src=\"https:\/\/dataref.net\/mx\/wp-content\/uploads\/2026\/06\/2279904227_f.jpg\" class=\"attachment-full size-full wp-post-image\" alt=\"\" loading=\"lazy\" srcset=\"https:\/\/dataref.net\/mx\/wp-content\/uploads\/2026\/06\/2279904227_f.jpg 800w, https:\/\/dataref.net\/mx\/wp-content\/uploads\/2026\/06\/2279904227_f-300x169.jpg 300w, https:\/\/dataref.net\/mx\/wp-content\/uploads\/2026\/06\/2279904227_f-768x432.jpg 768w\" sizes=\"auto, (max-width: 800px) 100vw, 800px\" \/>\n        <\/div><\/a><\/div>\n                    <div class=\"jkit-postblock-content\"><h3 class=\"jkit-post-title\">\n\t\t\t\t\t\t\t<a href=\"https:\/\/dataref.net\/mx\/asi-le-fue-a-la-seleccion-mexicana-en-sus-debuts-por-copa-del-mundo\/\">As\u00ed le fue a la SELECCI\u00d3N MEXICANA en sus DEBUTS por Copa del Mundo<\/a>\n\t\t\t\t\t\t<\/h3><\/div>\n                <\/article><article class=\"jkit-post post-7299 post type-post status-publish format-standard has-post-thumbnail hentry category-liga-mx tag-chivas tag-cruz-azul tag-liga-mx tag-liguilla tag-pachuca tag-pumas\">\n                    <div class=\"jkit-thumb\"><a aria-label=\"LIGA MX: la IA predice a los FINALISTAS de la Liguilla del Torneo Clausura 2026\" href=\"https:\/\/dataref.net\/mx\/liga-mx-la-ia-predice-a-los-finalistas-de-la-liguilla-del-torneo-clausura-2026\/\"><div class=\"thumbnail-container \">\n            <img loading=\"lazy\" decoding=\"async\" width=\"800\" height=\"480\" src=\"https:\/\/dataref.net\/mx\/wp-content\/uploads\/2026\/05\/Gemini_Generated_Image_v92vm1v92vm1v92v.jpg\" class=\"attachment-full size-full wp-post-image\" alt=\"\" loading=\"lazy\" srcset=\"https:\/\/dataref.net\/mx\/wp-content\/uploads\/2026\/05\/Gemini_Generated_Image_v92vm1v92vm1v92v.jpg 800w, https:\/\/dataref.net\/mx\/wp-content\/uploads\/2026\/05\/Gemini_Generated_Image_v92vm1v92vm1v92v-300x180.jpg 300w, https:\/\/dataref.net\/mx\/wp-content\/uploads\/2026\/05\/Gemini_Generated_Image_v92vm1v92vm1v92v-768x461.jpg 768w\" sizes=\"auto, (max-width: 800px) 100vw, 800px\" \/>\n        <\/div><\/a><\/div>\n                    <div class=\"jkit-postblock-content\"><h3 class=\"jkit-post-title\">\n\t\t\t\t\t\t\t<a href=\"https:\/\/dataref.net\/mx\/liga-mx-la-ia-predice-a-los-finalistas-de-la-liguilla-del-torneo-clausura-2026\/\">LIGA MX: la IA predice a los FINALISTAS de la Liguilla del Torneo Clausura 2026<\/a>\n\t\t\t\t\t\t<\/h3><\/div>\n                <\/article><article class=\"jkit-post post-7289 post type-post status-publish format-standard has-post-thumbnail hentry category-liga-mx tag-america tag-chivas tag-clausura-2026 tag-liga-mx tag-liguilla tag-toluca\">\n                    <div class=\"jkit-thumb\"><a aria-label=\"LIGA MX: as\u00ed ser\u00edan HOY los cruces de la LIGUILLA del Clausura 2026\" href=\"https:\/\/dataref.net\/mx\/liga-mx-asi-serian-hoy-los-cruces-de-la-liguilla-del-clausura-2026\/\"><div class=\"thumbnail-container \">\n            <img loading=\"lazy\" decoding=\"async\" width=\"800\" height=\"480\" src=\"https:\/\/dataref.net\/mx\/wp-content\/uploads\/2026\/04\/1406715.jpg\" class=\"attachment-full size-full wp-post-image\" alt=\"\" loading=\"lazy\" srcset=\"https:\/\/dataref.net\/mx\/wp-content\/uploads\/2026\/04\/1406715.jpg 800w, https:\/\/dataref.net\/mx\/wp-content\/uploads\/2026\/04\/1406715-300x180.jpg 300w, https:\/\/dataref.net\/mx\/wp-content\/uploads\/2026\/04\/1406715-768x461.jpg 768w\" sizes=\"auto, (max-width: 800px) 100vw, 800px\" \/>\n        <\/div><\/a><\/div>\n                    <div class=\"jkit-postblock-content\"><h3 class=\"jkit-post-title\">\n\t\t\t\t\t\t\t<a href=\"https:\/\/dataref.net\/mx\/liga-mx-asi-serian-hoy-los-cruces-de-la-liguilla-del-clausura-2026\/\">LIGA MX: as\u00ed ser\u00edan HOY los cruces de la LIGUILLA del Clausura 2026<\/a>\n\t\t\t\t\t\t<\/h3><\/div>\n                <\/article><article class=\"jkit-post post-7275 post type-post status-publish format-standard has-post-thumbnail hentry category-liga-mx tag-armando-gonzalez-2 tag-chivas tag-clausura-2026 tag-liga-mx tag-pumas\">\n                    <div class=\"jkit-thumb\"><a aria-label=\"\u00a1NUEVO L\u00cdDER DE GOLEO! As\u00ed fueron los goles de Armando &#8216;Hormiga&#8217; Gonz\u00e1lez en el Torneo Clausura 2026\" href=\"https:\/\/dataref.net\/mx\/nuevo-lider-de-goleo-asi-fueron-los-goles-de-armando-hormiga-gonzalez-en-el-torneo-clausura-2026\/\"><div class=\"thumbnail-container \">\n            <img loading=\"lazy\" decoding=\"async\" width=\"800\" height=\"480\" src=\"https:\/\/dataref.net\/mx\/wp-content\/uploads\/2026\/04\/2267765696_f.jpg\" class=\"attachment-full size-full wp-post-image\" alt=\"\" loading=\"lazy\" srcset=\"https:\/\/dataref.net\/mx\/wp-content\/uploads\/2026\/04\/2267765696_f.jpg 800w, https:\/\/dataref.net\/mx\/wp-content\/uploads\/2026\/04\/2267765696_f-300x180.jpg 300w, https:\/\/dataref.net\/mx\/wp-content\/uploads\/2026\/04\/2267765696_f-768x461.jpg 768w\" sizes=\"auto, (max-width: 800px) 100vw, 800px\" \/>\n        <\/div><\/a><\/div>\n                    <div class=\"jkit-postblock-content\"><h3 class=\"jkit-post-title\">\n\t\t\t\t\t\t\t<a href=\"https:\/\/dataref.net\/mx\/nuevo-lider-de-goleo-asi-fueron-los-goles-de-armando-hormiga-gonzalez-en-el-torneo-clausura-2026\/\">\u00a1NUEVO L\u00cdDER DE GOLEO! As\u00ed fueron los goles de Armando &#8216;Hormiga&#8217; Gonz\u00e1lez en el Torneo Clausura 2026<\/a>\n\t\t\t\t\t\t<\/h3><\/div>\n                <\/article><article class=\"jkit-post post-7264 post type-post status-publish format-standard has-post-thumbnail hentry category-noticias tag-nfl tag-seleccion-mexicana tag-super-bowl\">\n                    <div class=\"jkit-thumb\"><a aria-label=\"\u00bfSUPERAN A LA CHAMPIONS LEAGUE? Los jugadores mexicanos que jugaron finales de Super Bowl\" href=\"https:\/\/dataref.net\/mx\/superan-a-la-champions-league-los-jugadores-mexicanos-que-jugaron-finales-de-super-bowl\/\"><div class=\"thumbnail-container \">\n            <img loading=\"lazy\" decoding=\"async\" width=\"800\" height=\"480\" src=\"https:\/\/dataref.net\/mx\/wp-content\/uploads\/2026\/02\/1202771269_f.jpg\" class=\"attachment-full size-full wp-post-image\" alt=\"\" loading=\"lazy\" srcset=\"https:\/\/dataref.net\/mx\/wp-content\/uploads\/2026\/02\/1202771269_f.jpg 800w, https:\/\/dataref.net\/mx\/wp-content\/uploads\/2026\/02\/1202771269_f-300x180.jpg 300w, https:\/\/dataref.net\/mx\/wp-content\/uploads\/2026\/02\/1202771269_f-768x461.jpg 768w\" sizes=\"auto, (max-width: 800px) 100vw, 800px\" \/>\n        <\/div><\/a><\/div>\n                    <div class=\"jkit-postblock-content\"><h3 class=\"jkit-post-title\">\n\t\t\t\t\t\t\t<a href=\"https:\/\/dataref.net\/mx\/superan-a-la-champions-league-los-jugadores-mexicanos-que-jugaron-finales-de-super-bowl\/\">\u00bfSUPERAN A LA CHAMPIONS LEAGUE? Los jugadores mexicanos que jugaron finales de Super Bowl<\/a>\n\t\t\t\t\t\t<\/h3><\/div>\n                <\/article><article class=\"jkit-post post-7252 post type-post status-publish format-standard has-post-thumbnail hentry category-noticias tag-al-qadsiah-2 tag-julian-quinones-2 tag-saudi-pro-league tag-seleccion-mexicana-2\">\n                    <div class=\"jkit-thumb\"><a aria-label=\"\u00a1ENTRE LOS MEJORES DEL MUNDO! As\u00ed marcha el 2026 de Juli\u00e1n Qui\u00f1ones con Al Qadsiah\" href=\"https:\/\/dataref.net\/mx\/entre-los-mejores-del-mundo-asi-marcha-el-2026-de-julian-quinones-con-al-qadsiah\/\"><div class=\"thumbnail-container \">\n            <img loading=\"lazy\" decoding=\"async\" width=\"800\" height=\"450\" src=\"https:\/\/dataref.net\/mx\/wp-content\/uploads\/2026\/02\/2254668214_f.jpg\" class=\"attachment-full size-full wp-post-image\" alt=\"\" loading=\"lazy\" srcset=\"https:\/\/dataref.net\/mx\/wp-content\/uploads\/2026\/02\/2254668214_f.jpg 800w, https:\/\/dataref.net\/mx\/wp-content\/uploads\/2026\/02\/2254668214_f-300x169.jpg 300w, https:\/\/dataref.net\/mx\/wp-content\/uploads\/2026\/02\/2254668214_f-768x432.jpg 768w\" sizes=\"auto, (max-width: 800px) 100vw, 800px\" \/>\n        <\/div><\/a><\/div>\n                    <div class=\"jkit-postblock-content\"><h3 class=\"jkit-post-title\">\n\t\t\t\t\t\t\t<a href=\"https:\/\/dataref.net\/mx\/entre-los-mejores-del-mundo-asi-marcha-el-2026-de-julian-quinones-con-al-qadsiah\/\">\u00a1ENTRE LOS MEJORES DEL MUNDO! As\u00ed marcha el 2026 de Juli\u00e1n Qui\u00f1ones con Al Qadsiah<\/a>\n\t\t\t\t\t\t<\/h3><\/div>\n                <\/article><article class=\"jkit-post post-7240 post type-post status-publish format-standard has-post-thumbnail hentry category-noticias tag-atletico-de-madrid-2 tag-obed-vargas tag-seleccion-mexicana\">\n                    <div class=\"jkit-thumb\"><a aria-label=\"CON OBED VARGAS: TODOS los JUGADORES MEXICANOS que pasaron por Atl\u00e9tico de Madrid\" href=\"https:\/\/dataref.net\/mx\/con-obed-vargas-todos-los-jugadores-mexicanos-que-pasaron-por-atletico-de-madrid\/\"><div class=\"thumbnail-container \">\n            <img loading=\"lazy\" decoding=\"async\" width=\"800\" height=\"451\" src=\"https:\/\/dataref.net\/mx\/wp-content\/uploads\/2026\/02\/IMG_3408.jpg\" class=\"attachment-full size-full wp-post-image\" alt=\"\" loading=\"lazy\" srcset=\"https:\/\/dataref.net\/mx\/wp-content\/uploads\/2026\/02\/IMG_3408.jpg 800w, https:\/\/dataref.net\/mx\/wp-content\/uploads\/2026\/02\/IMG_3408-300x169.jpg 300w, https:\/\/dataref.net\/mx\/wp-content\/uploads\/2026\/02\/IMG_3408-768x433.jpg 768w\" sizes=\"auto, (max-width: 800px) 100vw, 800px\" \/>\n        <\/div><\/a><\/div>\n                    <div class=\"jkit-postblock-content\"><h3 class=\"jkit-post-title\">\n\t\t\t\t\t\t\t<a href=\"https:\/\/dataref.net\/mx\/con-obed-vargas-todos-los-jugadores-mexicanos-que-pasaron-por-atletico-de-madrid\/\">CON OBED VARGAS: TODOS los JUGADORES MEXICANOS que pasaron por Atl\u00e9tico de Madrid<\/a>\n\t\t\t\t\t\t<\/h3><\/div>\n                <\/article><article class=\"jkit-post post-7228 post type-post status-publish format-standard has-post-thumbnail hentry category-seleccion-mexicana tag-guillermo-ochoa tag-seleccion-mexicana tag-seleccion-portugal\">\n                    <div class=\"jkit-thumb\"><a aria-label=\"SELECCI\u00d3N MEXICANA: Guillermo Ochoa puede regresar para enfrentar a PORTUGAL\" href=\"https:\/\/dataref.net\/mx\/seleccion-mexicana-guillermo-ochoa-puede-regresar-para-enfrentar-a-portugal\/\"><div class=\"thumbnail-container \">\n            <img loading=\"lazy\" decoding=\"async\" width=\"800\" height=\"480\" src=\"https:\/\/dataref.net\/mx\/wp-content\/uploads\/2026\/01\/2218485796_f.jpg\" class=\"attachment-full size-full wp-post-image\" alt=\"\" loading=\"lazy\" srcset=\"https:\/\/dataref.net\/mx\/wp-content\/uploads\/2026\/01\/2218485796_f.jpg 800w, https:\/\/dataref.net\/mx\/wp-content\/uploads\/2026\/01\/2218485796_f-300x180.jpg 300w, https:\/\/dataref.net\/mx\/wp-content\/uploads\/2026\/01\/2218485796_f-768x461.jpg 768w\" sizes=\"auto, (max-width: 800px) 100vw, 800px\" \/>\n        <\/div><\/a><\/div>\n                    <div class=\"jkit-postblock-content\"><h3 class=\"jkit-post-title\">\n\t\t\t\t\t\t\t<a href=\"https:\/\/dataref.net\/mx\/seleccion-mexicana-guillermo-ochoa-puede-regresar-para-enfrentar-a-portugal\/\">SELECCI\u00d3N MEXICANA: Guillermo Ochoa puede regresar para enfrentar a PORTUGAL<\/a>\n\t\t\t\t\t\t<\/h3><\/div>\n                <\/article><article class=\"jkit-post post-7213 post type-post status-publish format-standard has-post-thumbnail hentry category-seleccion-mexicana tag-javier-aguirre tag-seleccion-islandia tag-seleccion-mexicana tag-seleccion-portugal\">\n                    <div class=\"jkit-thumb\"><a aria-label=\"SELECCI\u00d3N MEXICANA: las posibles BAJAS para los amistosos ante Islandia y Portugal\" href=\"https:\/\/dataref.net\/mx\/seleccion-mexicana-las-posibles-bajas-para-los-amistosos-ante-islandia-y-portugal\/\"><div class=\"thumbnail-container \">\n            <img loading=\"lazy\" decoding=\"async\" width=\"800\" height=\"480\" src=\"https:\/\/dataref.net\/mx\/wp-content\/uploads\/2026\/01\/2247199901_f.jpg\" class=\"attachment-full size-full wp-post-image\" alt=\"\" loading=\"lazy\" srcset=\"https:\/\/dataref.net\/mx\/wp-content\/uploads\/2026\/01\/2247199901_f.jpg 800w, https:\/\/dataref.net\/mx\/wp-content\/uploads\/2026\/01\/2247199901_f-300x180.jpg 300w, https:\/\/dataref.net\/mx\/wp-content\/uploads\/2026\/01\/2247199901_f-768x461.jpg 768w\" sizes=\"auto, (max-width: 800px) 100vw, 800px\" \/>\n        <\/div><\/a><\/div>\n                    <div class=\"jkit-postblock-content\"><h3 class=\"jkit-post-title\">\n\t\t\t\t\t\t\t<a href=\"https:\/\/dataref.net\/mx\/seleccion-mexicana-las-posibles-bajas-para-los-amistosos-ante-islandia-y-portugal\/\">SELECCI\u00d3N MEXICANA: las posibles BAJAS para los amistosos ante Islandia y Portugal<\/a>\n\t\t\t\t\t\t<\/h3><\/div>\n                <\/article><article class=\"jkit-post post-7199 post type-post status-publish format-standard has-post-thumbnail hentry category-noticias tag-lebron-james tag-luka-modric tag-sergio-ramos tag-sevilla\">\n                    <div class=\"jkit-thumb\"><a aria-label=\"CON SERGIO RAMOS: los deportistas que son propietarios o accionistas de clubes de f\u00fatbol\" href=\"https:\/\/dataref.net\/mx\/con-sergio-ramos-los-deportistas-que-son-propietarios-o-accionistas-de-clubes-de-futbol\/\"><div class=\"thumbnail-container \">\n            <img loading=\"lazy\" decoding=\"async\" width=\"800\" height=\"480\" src=\"https:\/\/dataref.net\/mx\/wp-content\/uploads\/2026\/01\/2246643069_f.jpg\" class=\"attachment-full size-full wp-post-image\" alt=\"\" loading=\"lazy\" srcset=\"https:\/\/dataref.net\/mx\/wp-content\/uploads\/2026\/01\/2246643069_f.jpg 800w, https:\/\/dataref.net\/mx\/wp-content\/uploads\/2026\/01\/2246643069_f-300x180.jpg 300w, https:\/\/dataref.net\/mx\/wp-content\/uploads\/2026\/01\/2246643069_f-768x461.jpg 768w\" sizes=\"auto, (max-width: 800px) 100vw, 800px\" \/>\n        <\/div><\/a><\/div>\n                    <div class=\"jkit-postblock-content\"><h3 class=\"jkit-post-title\">\n\t\t\t\t\t\t\t<a href=\"https:\/\/dataref.net\/mx\/con-sergio-ramos-los-deportistas-que-son-propietarios-o-accionistas-de-clubes-de-futbol\/\">CON SERGIO RAMOS: los deportistas que son propietarios o accionistas de clubes de f\u00fatbol<\/a>\n\t\t\t\t\t\t<\/h3><\/div>\n                <\/article><article class=\"jkit-post post-7188 post type-post status-publish format-standard has-post-thumbnail hentry category-noticias tag-arsenal tag-barcelona tag-bayern-munich tag-manchester-city tag-real-madrid tag-uefa-champions-league\">\n                    <div class=\"jkit-thumb\"><a aria-label=\"SIN REAL MADRID: los 5 equipos m\u00e1s anotadores de las 5 ligas TOP de Europa\" href=\"https:\/\/dataref.net\/mx\/sin-real-madrid-los-5-equipos-mas-anotadores-de-las-5-ligas-top-de-europa\/\"><div class=\"thumbnail-container \">\n            <img loading=\"lazy\" decoding=\"async\" width=\"800\" height=\"480\" src=\"https:\/\/dataref.net\/mx\/wp-content\/uploads\/2026\/01\/2256129507_f.jpg\" class=\"attachment-full size-full wp-post-image\" alt=\"\" loading=\"lazy\" srcset=\"https:\/\/dataref.net\/mx\/wp-content\/uploads\/2026\/01\/2256129507_f.jpg 800w, https:\/\/dataref.net\/mx\/wp-content\/uploads\/2026\/01\/2256129507_f-300x180.jpg 300w, https:\/\/dataref.net\/mx\/wp-content\/uploads\/2026\/01\/2256129507_f-768x461.jpg 768w\" sizes=\"auto, (max-width: 800px) 100vw, 800px\" \/>\n        <\/div><\/a><\/div>\n                    <div class=\"jkit-postblock-content\"><h3 class=\"jkit-post-title\">\n\t\t\t\t\t\t\t<a href=\"https:\/\/dataref.net\/mx\/sin-real-madrid-los-5-equipos-mas-anotadores-de-las-5-ligas-top-de-europa\/\">SIN REAL MADRID: los 5 equipos m\u00e1s anotadores de las 5 ligas TOP de Europa<\/a>\n\t\t\t\t\t\t<\/h3><\/div>\n                <\/article><article class=\"jkit-post post-7174 post type-post status-publish format-standard has-post-thumbnail hentry category-noticias tag-al-qadsiah-2 tag-cristiano-ronaldo tag-julian-quinones-2 tag-saudi-pro-league\">\n                    <div class=\"jkit-thumb\"><a aria-label=\"IGUAL\u00d3 A CRISTIANO RONALDO: \u00bfcu\u00e1ntos goles tiene JULI\u00c1N QUI\u00d1ONES en la Saudi Pro League 2025\/26?\" href=\"https:\/\/dataref.net\/mx\/igualo-a-cristiano-ronaldo-cuantos-goles-tiene-julian-quinones-en-la-saudi-pro-league-2025-26\/\"><div class=\"thumbnail-container \">\n            <img loading=\"lazy\" decoding=\"async\" width=\"800\" height=\"480\" src=\"https:\/\/dataref.net\/mx\/wp-content\/uploads\/2026\/01\/2254668591_f.jpg\" class=\"attachment-full size-full wp-post-image\" alt=\"\" loading=\"lazy\" srcset=\"https:\/\/dataref.net\/mx\/wp-content\/uploads\/2026\/01\/2254668591_f.jpg 800w, https:\/\/dataref.net\/mx\/wp-content\/uploads\/2026\/01\/2254668591_f-300x180.jpg 300w, https:\/\/dataref.net\/mx\/wp-content\/uploads\/2026\/01\/2254668591_f-768x461.jpg 768w\" sizes=\"auto, (max-width: 800px) 100vw, 800px\" \/>\n        <\/div><\/a><\/div>\n                    <div class=\"jkit-postblock-content\"><h3 class=\"jkit-post-title\">\n\t\t\t\t\t\t\t<a href=\"https:\/\/dataref.net\/mx\/igualo-a-cristiano-ronaldo-cuantos-goles-tiene-julian-quinones-en-la-saudi-pro-league-2025-26\/\">IGUAL\u00d3 A CRISTIANO RONALDO: \u00bfcu\u00e1ntos goles tiene JULI\u00c1N QUI\u00d1ONES en la Saudi Pro League 2025\/26?<\/a>\n\t\t\t\t\t\t<\/h3><\/div>\n                <\/article><article class=\"jkit-post post-7165 post type-post status-publish format-standard has-post-thumbnail hentry category-liga-mx tag-apertura-2026 tag-clausura-2026 tag-liga-mx tag-tabla-de-cocientes\">\n                    <div class=\"jkit-thumb\"><a aria-label=\"LIGA MX: los CAMBIOS que le realizar\u00e1n a la TABLA DE COCIENTES en el Clausura 2026\" href=\"https:\/\/dataref.net\/mx\/liga-mx-los-cambios-que-le-realizaran-a-la-tabla-de-cocientes-en-el-clausura-2026\/\"><div class=\"thumbnail-container \">\n            <img loading=\"lazy\" decoding=\"async\" width=\"800\" height=\"450\" src=\"https:\/\/dataref.net\/mx\/wp-content\/uploads\/2026\/01\/9d215c72085079.5bdb29e7874bc.jpg\" class=\"attachment-full size-full wp-post-image\" alt=\"\" loading=\"lazy\" srcset=\"https:\/\/dataref.net\/mx\/wp-content\/uploads\/2026\/01\/9d215c72085079.5bdb29e7874bc.jpg 800w, https:\/\/dataref.net\/mx\/wp-content\/uploads\/2026\/01\/9d215c72085079.5bdb29e7874bc-300x169.jpg 300w, https:\/\/dataref.net\/mx\/wp-content\/uploads\/2026\/01\/9d215c72085079.5bdb29e7874bc-768x432.jpg 768w\" sizes=\"auto, (max-width: 800px) 100vw, 800px\" \/>\n        <\/div><\/a><\/div>\n                    <div class=\"jkit-postblock-content\"><h3 class=\"jkit-post-title\">\n\t\t\t\t\t\t\t<a href=\"https:\/\/dataref.net\/mx\/liga-mx-los-cambios-que-le-realizaran-a-la-tabla-de-cocientes-en-el-clausura-2026\/\">LIGA MX: los CAMBIOS que le realizar\u00e1n a la TABLA DE COCIENTES en el Clausura 2026<\/a>\n\t\t\t\t\t\t<\/h3><\/div>\n                <\/article><article class=\"jkit-post post-7154 post type-post status-publish format-standard has-post-thumbnail hentry category-liga-mx tag-clausura-2026 tag-liga-mx tag-mercado-de-pases\">\n                    <div class=\"jkit-thumb\"><a aria-label=\"\u00bfEn qu\u00e9 lugar se sit\u00faa la Liga MX entre las ligas M\u00c1S VALIOSAS del mundo?\" href=\"https:\/\/dataref.net\/mx\/en-que-lugar-se-situa-la-liga-mx-entre-las-ligas-mas-valiosas-del-mundo\/\"><div class=\"thumbnail-container \">\n            <img loading=\"lazy\" decoding=\"async\" width=\"800\" height=\"480\" src=\"https:\/\/dataref.net\/mx\/wp-content\/uploads\/2026\/01\/Gemini_Generated_Image_4ujphc4ujphc4ujp1.jpg\" class=\"attachment-full size-full wp-post-image\" alt=\"\" loading=\"lazy\" srcset=\"https:\/\/dataref.net\/mx\/wp-content\/uploads\/2026\/01\/Gemini_Generated_Image_4ujphc4ujphc4ujp1.jpg 800w, https:\/\/dataref.net\/mx\/wp-content\/uploads\/2026\/01\/Gemini_Generated_Image_4ujphc4ujphc4ujp1-300x180.jpg 300w, https:\/\/dataref.net\/mx\/wp-content\/uploads\/2026\/01\/Gemini_Generated_Image_4ujphc4ujphc4ujp1-768x461.jpg 768w\" sizes=\"auto, (max-width: 800px) 100vw, 800px\" \/>\n        <\/div><\/a><\/div>\n                    <div class=\"jkit-postblock-content\"><h3 class=\"jkit-post-title\">\n\t\t\t\t\t\t\t<a href=\"https:\/\/dataref.net\/mx\/en-que-lugar-se-situa-la-liga-mx-entre-las-ligas-mas-valiosas-del-mundo\/\">\u00bfEn qu\u00e9 lugar se sit\u00faa la Liga MX entre las ligas M\u00c1S VALIOSAS del mundo?<\/a>\n\t\t\t\t\t\t<\/h3><\/div>\n                <\/article><article class=\"jkit-post post-7142 post type-post status-publish format-standard has-post-thumbnail hentry category-mercado tag-antoine-griezmann tag-apertura-2026 tag-clausura-2026 tag-liga-mx tag-mercado-de-pases\">\n                    <div class=\"jkit-thumb\"><a aria-label=\"MERCADO: Monterrey va a la carga por otro CAMPE\u00d3N DEL MUNDO\" href=\"https:\/\/dataref.net\/mx\/mercado-monterrey-va-a-la-carga-por-otro-campeon-del-mundo\/\"><div class=\"thumbnail-container \">\n            <img loading=\"lazy\" decoding=\"async\" width=\"800\" height=\"480\" src=\"https:\/\/dataref.net\/mx\/wp-content\/uploads\/2026\/01\/2256156759_f.jpg\" class=\"attachment-full size-full wp-post-image\" alt=\"\" loading=\"lazy\" srcset=\"https:\/\/dataref.net\/mx\/wp-content\/uploads\/2026\/01\/2256156759_f.jpg 800w, https:\/\/dataref.net\/mx\/wp-content\/uploads\/2026\/01\/2256156759_f-300x180.jpg 300w, https:\/\/dataref.net\/mx\/wp-content\/uploads\/2026\/01\/2256156759_f-768x461.jpg 768w\" sizes=\"auto, (max-width: 800px) 100vw, 800px\" \/>\n        <\/div><\/a><\/div>\n                    <div class=\"jkit-postblock-content\"><h3 class=\"jkit-post-title\">\n\t\t\t\t\t\t\t<a href=\"https:\/\/dataref.net\/mx\/mercado-monterrey-va-a-la-carga-por-otro-campeon-del-mundo\/\">MERCADO: Monterrey va a la carga por otro CAMPE\u00d3N DEL MUNDO<\/a>\n\t\t\t\t\t\t<\/h3><\/div>\n                <\/article><article class=\"jkit-post post-7128 post type-post status-publish format-standard has-post-thumbnail hentry category-seleccion-mexicana tag-copa-del-mundo tag-mundial tag-mundial-1986 tag-seleccion-mexicana\">\n                    <div class=\"jkit-thumb\"><a aria-label=\"SELECCI\u00d3N MEXICANA: la nueva COLECCI\u00d3N de Adidas en homenaje al combinado de 1986\" href=\"https:\/\/dataref.net\/mx\/seleccion-mexicana-la-nueva-coleccion-de-adidas-en-homenaje-al-combinado-de-1986\/\"><div class=\"thumbnail-container \">\n            <img loading=\"lazy\" decoding=\"async\" width=\"800\" height=\"451\" src=\"https:\/\/dataref.net\/mx\/wp-content\/uploads\/2026\/01\/photo-output-3.jpeg\" class=\"attachment-full size-full wp-post-image\" alt=\"\" loading=\"lazy\" srcset=\"https:\/\/dataref.net\/mx\/wp-content\/uploads\/2026\/01\/photo-output-3.jpeg 800w, https:\/\/dataref.net\/mx\/wp-content\/uploads\/2026\/01\/photo-output-3-300x169.jpeg 300w, https:\/\/dataref.net\/mx\/wp-content\/uploads\/2026\/01\/photo-output-3-768x433.jpeg 768w\" sizes=\"auto, (max-width: 800px) 100vw, 800px\" \/>\n        <\/div><\/a><\/div>\n                    <div class=\"jkit-postblock-content\"><h3 class=\"jkit-post-title\">\n\t\t\t\t\t\t\t<a href=\"https:\/\/dataref.net\/mx\/seleccion-mexicana-la-nueva-coleccion-de-adidas-en-homenaje-al-combinado-de-1986\/\">SELECCI\u00d3N MEXICANA: la nueva COLECCI\u00d3N de Adidas en homenaje al combinado de 1986<\/a>\n\t\t\t\t\t\t<\/h3><\/div>\n                <\/article>\n        <\/div><\/div><\/div>\t\t\t\t<\/div>\n\t\t\t\t<\/div>\n\t\t\t\t<\/div>\n\t\t\t\t\t<\/div>\n\t\t\t\t<\/div>\n\t\t\t\t<\/div>\n\t\t<div class=\"ays-arp-under-posts-container ays-arp-classy-layout \" id=\"ays-arp-under-posts-container-6-6a9df5f69de8e\"  data-id=\"6a9df5f69de8e\" data-ratio=\"0.75\"><h2 class=\"ays-arp-under-posts-container-title\">Noticias relacionadas<\/h2><input type=\"hidden\" name=\"ays-arp-id-6a9df5f69de8e\" value=\"6\"><div class=\"ays-arp-under-posts\"><div class=\"ays-arp-under-post\"><div class=\"ays-arp-under-post-header\"><div class=\"ays-arp-under-post-img-row\"><a href=\"https:\/\/dataref.net\/mx\/leagues-cup-2026-la-ia-predice-a-los-finalistas\/\" class=\"ays-arp-under-post-link\"  ><img src=\"https:\/\/dataref.net\/mx\/wp-content\/uploads\/2026\/08\/ChatGPT-Image-27-ago-2026-04_22_09-p.m-768x461.jpg\" alt=\"\" class=\"ays-arp-under-post-img\"><img src=\"https:\/\/dataref.net\/mx\/wp-content\/uploads\/2026\/08\/ChatGPT-Image-27-ago-2026-04_22_09-p.m-768x461.jpg\" alt=\"\" class=\"ays-arp-under-post-img ays-arp-under-post-img-mobile\"><span class=\"ays-arp-under-post-overlay-box\"><\/span><\/a><div class=\"ays-arp-under-post-title-row\"><div class=\"ays-arp-under-post-title\"><a href=\"https:\/\/dataref.net\/mx\/leagues-cup-2026-la-ia-predice-a-los-finalistas\/\" class=\"ays-arp-under-post-link\"  >LEAGUES CUP 2026: la IA predice a...<\/a><\/div><\/div><\/div><\/div><div class=\"ays-arp-under-post-content\"><div class=\"ays-arp-under-post-excerpt-row\"><span class=\"ays-arp-under-post-excerpt\">\nLa noche de ayer termin\u00f3 de confirmar a los cuatro...<\/span><\/div><\/div><\/div><div class=\"ays-arp-under-post\"><div class=\"ays-arp-under-post-header\"><div class=\"ays-arp-under-post-img-row\"><a href=\"https:\/\/dataref.net\/mx\/mercado-de-fichajes-cuales-fueron-las-5-ventas-mas-caras-de-chivas-a-europa\/\" class=\"ays-arp-under-post-link\"  ><img src=\"https:\/\/dataref.net\/mx\/wp-content\/uploads\/2026\/08\/ChatGPT-Image-25-ago-2026-10_19_35-a.m-768x461.jpg\" alt=\"\" class=\"ays-arp-under-post-img\"><img src=\"https:\/\/dataref.net\/mx\/wp-content\/uploads\/2026\/08\/ChatGPT-Image-25-ago-2026-10_19_35-a.m-768x461.jpg\" alt=\"\" class=\"ays-arp-under-post-img ays-arp-under-post-img-mobile\"><span class=\"ays-arp-under-post-overlay-box\"><\/span><\/a><div class=\"ays-arp-under-post-title-row\"><div class=\"ays-arp-under-post-title\"><a href=\"https:\/\/dataref.net\/mx\/mercado-de-fichajes-cuales-fueron-las-5-ventas-mas-caras-de-chivas-a-europa\/\" class=\"ays-arp-under-post-link\"  >MERCADO DE FICHAJES: \u00bfcu\u00e1les fueron las 5...<\/a><\/div><\/div><\/div><\/div><div class=\"ays-arp-under-post-content\"><div class=\"ays-arp-under-post-excerpt-row\"><span class=\"ays-arp-under-post-excerpt\">\nHace unos d\u00edas se concret\u00f3 la transferencia de Armando \u201cHormiga\u201d...<\/span><\/div><\/div><\/div><div class=\"ays-arp-under-post\"><div class=\"ays-arp-under-post-header\"><div class=\"ays-arp-under-post-img-row\"><a href=\"https:\/\/dataref.net\/mx\/ea-fc-27-julian-quinones-se-convierte-en-el-tercer-mejor-mexicano-de-la-historia\/\" class=\"ays-arp-under-post-link\"  ><img src=\"https:\/\/dataref.net\/mx\/wp-content\/uploads\/2026\/08\/ChatGPT-Image-21-ago-2026-04_04_52-p.m-768x432.jpg\" alt=\"\" class=\"ays-arp-under-post-img\"><img src=\"https:\/\/dataref.net\/mx\/wp-content\/uploads\/2026\/08\/ChatGPT-Image-21-ago-2026-04_04_52-p.m-768x432.jpg\" alt=\"\" class=\"ays-arp-under-post-img ays-arp-under-post-img-mobile\"><span class=\"ays-arp-under-post-overlay-box\"><\/span><\/a><div class=\"ays-arp-under-post-title-row\"><div class=\"ays-arp-under-post-title\"><a href=\"https:\/\/dataref.net\/mx\/ea-fc-27-julian-quinones-se-convierte-en-el-tercer-mejor-mexicano-de-la-historia\/\" class=\"ays-arp-under-post-link\"  >EA FC 27: JULI\u00c1N QUI\u00d1ONES se convierte...<\/a><\/div><\/div><\/div><\/div><div class=\"ays-arp-under-post-content\"><div class=\"ays-arp-under-post-excerpt-row\"><span class=\"ays-arp-under-post-excerpt\">\n\u00bfEl pr\u00f3ximo mes de septiembre, EA Sports realizar\u00e1 el lanzamiento...<\/span><\/div><\/div><\/div><\/div><style type=\"text\/css\">\n            #ays-arp-under-posts-container-6-6a9df5f69de8e {\n                width: 100%;\n                word-break: break-word;\n            }\n\n            #ays-arp-under-posts-container-6-6a9df5f69de8e .ays-arp-under-post {\n                width: calc(33% - 10px);\n                padding: 10px;\n                border: none;\n            }\n\n            #ays-arp-under-posts-container-6-6a9df5f69de8e .ays-arp-under-post-img-row .ays-arp-under-post-img {\n\t\t\t    object-fit: contain;\n\t\t\t    object-position:center center;\n                border: unset;\n                padding: unset;\n                border-radius: 0px;\n                height: 100%\n            }\n\n            #ays-arp-under-posts-container-6-6a9df5f69de8e .ays-arp-under-posts-container-title,\n            #ays-arp-under-posts-container-6-6a9df5f69de8e .ays-arp-under-post-title  .ays-arp-under-post-link,\n            #ays-arp-under-posts-container-6-6a9df5f69de8e .ays-arp-under-post-excerpt-row {\n                color: #333333;\n            }\n\n            #ays-arp-under-posts-container-6-6a9df5f69de8e  .ays-arp-under-posts  .ays-arp-under-post {\n                background-color: rgba(255,255,255,0);\n            }\n\n            #ays-arp-under-posts-container-6-6a9df5f69de8e  .ays-arp-under-posts  .ays-arp-under-post:hover {\n                background-color: rgba(255,255,255,0);\n            }\n\n            #ays-arp-under-posts-container-6-6a9df5f69de8e .ays-arp-under-post-title,\n            #ays-arp-under-posts-container-6-6a9df5f69de8e .ays-arp-under-post-link {\n                line-height: 1.5;\n            }\n\n            #ays-arp-under-posts-container-6-6a9df5f69de8e .ays-arp-under-post-title a{\n                font-size: 12px;\n            }\n\n            #ays-arp-under-posts-container-6-6a9df5f69de8e .ays-arp-under-post-date-author-row {\n                color: rgba(51,51,51,0.7);\n            }\n\n            #ays-arp-under-posts-container-6-6a9df5f69de8e .ays-arp-under-posts a:active,\n            #ays-arp-under-posts-container-6-6a9df5f69de8e .ays-arp-under-posts a:hover,\n            #ays-arp-under-posts-container-6-6a9df5f69de8e .ays-arp-under-posts a:focus,\n            #ays-arp-under-posts-container-6-6a9df5f69de8e .ays-arp-under-posts a {\n                text-decoration: unset;\n                cursor: pointer;\n                outline: unset;\n                text-decoration-skip-ink: none;\n                background: unset;\n                opacity: 1;\n            }\n\n            #ays-arp-under-posts-container-6-6a9df5f69de8e .ays-arp-under-post-img-row .ays-arp-under-post-img.ays-arp-under-post-img-mobile {\n                display: none;                    \n            }\n\n            @media screen and (max-width: 768px){\n\n                #ays-arp-under-posts-container-6-6a9df5f69de8e .ays-arp-under-post-img-row .ays-arp-under-post-img {\n                    object-fit: contain;\n                    display: none;                    \n                }\n\n                #ays-arp-under-posts-container-6-6a9df5f69de8e .ays-arp-under-post-img-row .ays-arp-under-post-img.ays-arp-under-post-img-mobile {\n                    display: inline-block;                    \n                }\n\n                #ays-arp-under-posts-container-6-6a9df5f69de8e .ays-arp-under-post-title a{\n                    font-size: 12px;\n                }\n\n                #ays-arp-under-posts-container-6-6a9df5f69de8e .ays-arp-under-post {\n                    width: calc(33% - 10px);\n                    border: none;\n                }\n\n                #ays-arp-under-posts-container-6-6a9df5f69de8e .ays-arp-under-posts-container-title,\n                #ays-arp-under-posts-container-6-6a9df5f69de8e .ays-arp-under-post-title  .ays-arp-under-post-link,\n                #ays-arp-under-posts-container-6-6a9df5f69de8e .ays-arp-under-post-excerpt-row {\n                    color: #333;\n                }\n\n                #ays-arp-under-posts-container-6-6a9df5f69de8e .ays-arp-under-post-date-author-row {\n                    color: rgba(51,51,51,0.7);\n                }\n\n                #ays-arp-under-posts-container-6-6a9df5f69de8e  .ays-arp-under-posts  .ays-arp-under-post {\n                    background-color: rgba(255,255,255,0);\n                }\n            }\n\n            \n            \/* Layout CSS *\/\n            #ays-arp-under-posts-container-6-6a9df5f69de8e.ays-arp-classy-layout .ays-arp-under-post-date-author-row {\n                \/*border-bottom: 0.5px solid rgba(51,51,51,0.4);*\/\n                border: unset;\n            }\n\n            #ays-arp-under-posts-container-6-6a9df5f69de8e.ays-arp-classy-layout .ays-arp-under-post {\n                padding: 0;\n                \/*border: 0.5px solid rgb(236 237 241);*\/\n                border-radius: 0px;\n                overflow:hidden;\n            }\n\n            #ays-arp-under-posts-container-6-6a9df5f69de8e.ays-arp-classy-layout .ays-arp-under-post-content {\n                padding: 10px;\n            }\n\n            #ays-arp-under-posts-container-6-6a9df5f69de8e.ays-arp-classy-layout .ays-arp-under-post-img-row,\n            #ays-arp-under-posts-container-6-6a9df5f69de8e.ays-arp-classy-layout .ays-arp-under-post-img-row img {\n                border-radius: 0px;\n            }\n\n            #ays-arp-under-posts-container-6-6a9df5f69de8e.ays-arp-classy-layout .ays-arp-under-post-link {\n                color: #fff;\n            }\n            \n            <\/style><\/div>","protected":false},"excerpt":{"rendered":"<p>edit post D\u00eda, horario y TV para Am\u00e9rica vs. Chivas edit post La nueva chamba de Erick Cubo Torres para mantener a su familia tras el dopaje edit post Jorge Bava EXPLOTA contra el arbitraje de los partidos de Le\u00f3n en la Liga MX edit post El impacto de Jaime J\u00e1quez Jr. con Miami Heat [&hellip;]<\/p>\n","protected":false},"author":1,"featured_media":0,"parent":0,"menu_order":0,"comment_status":"closed","ping_status":"closed","template":"","meta":{"_acf_changed":false,"footnotes":""},"class_list":["post-6","page","type-page","status-publish","hentry"],"acf":[],"yoast_head":"<!-- This site is optimized with the Yoast SEO Premium plugin v27.6.1 (Yoast SEO v26.9) - https:\/\/yoast.com\/product\/yoast-seo-premium-wordpress\/ -->\n<title>Noticias - dataref M\u00e9xico<\/title>\n<meta name=\"description\" content=\"Primera cuenta en seguir estad\u00edsticamente a los argentinos por el mundo | Registros EN VIVO en nuestra web.\" \/>\n<meta name=\"robots\" content=\"index, follow, max-snippet:-1, max-image-preview:large, max-video-preview:-1\" \/>\n<link rel=\"canonical\" href=\"https:\/\/dataref.net\/mx\/\" \/>\n<meta property=\"og:locale\" content=\"es_ES\" \/>\n<meta property=\"og:type\" content=\"article\" \/>\n<meta property=\"og:title\" content=\"Noticias - dataref M\u00e9xico\" \/>\n<meta property=\"og:description\" content=\"Primera cuenta en seguir estad\u00edsticamente a los argentinos por el mundo | Registros EN VIVO en nuestra web.\" \/>\n<meta property=\"og:url\" content=\"https:\/\/dataref.net\/mx\/\" \/>\n<meta property=\"og:site_name\" content=\"dataref M\u00e9xico\" \/>\n<meta property=\"article:modified_time\" content=\"2024-04-03T12:41:34+00:00\" \/>\n<meta property=\"og:image\" content=\"https:\/\/dataref.net\/mx\/wp-content\/uploads\/2024\/03\/imago1042094768h.jpg\" \/>\n<meta name=\"twitter:card\" content=\"summary_large_image\" \/>\n<meta name=\"twitter:site\" content=\"@dataref_ar\" \/>\n<meta name=\"twitter:label1\" content=\"Tiempo de lectura\" \/>\n\t<meta name=\"twitter:data1\" content=\"4 minutos\" \/>\n<script type=\"application\/ld+json\" class=\"yoast-schema-graph\">{\"@context\":\"https:\/\/schema.org\",\"@graph\":[{\"@type\":\"WebPage\",\"@id\":\"https:\/\/dataref.net\/mx\/\",\"url\":\"https:\/\/dataref.net\/mx\/\",\"name\":\"Noticias - dataref M\u00e9xico\",\"isPartOf\":{\"@id\":\"https:\/\/dataref.net\/mx\/#website\"},\"primaryImageOfPage\":{\"@id\":\"https:\/\/dataref.net\/mx\/#primaryimage\"},\"image\":{\"@id\":\"https:\/\/dataref.net\/mx\/#primaryimage\"},\"thumbnailUrl\":\"https:\/\/dataref.net\/mx\/wp-content\/uploads\/2024\/03\/imago1042094768h.jpg\",\"datePublished\":\"2023-11-10T15:40:16+00:00\",\"dateModified\":\"2024-04-03T12:41:34+00:00\",\"description\":\"Primera cuenta en seguir estad\u00edsticamente a los argentinos por el mundo | Registros EN VIVO en nuestra web.\",\"breadcrumb\":{\"@id\":\"https:\/\/dataref.net\/mx\/#breadcrumb\"},\"inLanguage\":\"es-AR\",\"potentialAction\":[{\"@type\":\"ReadAction\",\"target\":[\"https:\/\/dataref.net\/mx\/\"]}]},{\"@type\":\"ImageObject\",\"inLanguage\":\"es-AR\",\"@id\":\"https:\/\/dataref.net\/mx\/#primaryimage\",\"url\":\"https:\/\/dataref.net\/mx\/wp-content\/uploads\/2024\/03\/imago1042094768h.jpg\",\"contentUrl\":\"https:\/\/dataref.net\/mx\/wp-content\/uploads\/2024\/03\/imago1042094768h.jpg\",\"width\":800,\"height\":533},{\"@type\":\"BreadcrumbList\",\"@id\":\"https:\/\/dataref.net\/mx\/#breadcrumb\",\"itemListElement\":[{\"@type\":\"ListItem\",\"position\":1,\"name\":\"Home\",\"item\":\"https:\/\/dataref.net\/mx\/\"},{\"@type\":\"ListItem\",\"position\":2,\"name\":\"Noticias\"}]},{\"@type\":\"WebSite\",\"@id\":\"https:\/\/dataref.net\/mx\/#website\",\"url\":\"https:\/\/dataref.net\/mx\/\",\"name\":\"dataref\",\"description\":\"\",\"publisher\":{\"@id\":\"https:\/\/dataref.net\/mx\/#organization\"},\"potentialAction\":[{\"@type\":\"SearchAction\",\"target\":{\"@type\":\"EntryPoint\",\"urlTemplate\":\"https:\/\/dataref.net\/mx\/?s={search_term_string}\"},\"query-input\":{\"@type\":\"PropertyValueSpecification\",\"valueRequired\":true,\"valueName\":\"search_term_string\"}}],\"inLanguage\":\"es-AR\"},{\"@type\":\"Organization\",\"@id\":\"https:\/\/dataref.net\/mx\/#organization\",\"name\":\"dataref\",\"url\":\"https:\/\/dataref.net\/mx\/\",\"logo\":{\"@type\":\"ImageObject\",\"inLanguage\":\"es-AR\",\"@id\":\"https:\/\/dataref.net\/mx\/#\/schema\/logo\/image\/\",\"url\":\"https:\/\/dataref.net\/mx\/wp-content\/uploads\/2023\/12\/cropped-dataref-logo-blanco.4d39855902e69a709381.png\",\"contentUrl\":\"https:\/\/dataref.net\/mx\/wp-content\/uploads\/2023\/12\/cropped-dataref-logo-blanco.4d39855902e69a709381.png\",\"width\":1500,\"height\":429,\"caption\":\"dataref\"},\"image\":{\"@id\":\"https:\/\/dataref.net\/mx\/#\/schema\/logo\/image\/\"},\"sameAs\":[\"https:\/\/x.com\/dataref_ar\",\"https:\/\/www.instagram.com\/dataref_ar\/\"]}]}<\/script>\n<!-- \/ Yoast SEO Premium plugin. -->","yoast_head_json":{"title":"Noticias - dataref M\u00e9xico","description":"Primera cuenta en seguir estad\u00edsticamente a los argentinos por el mundo | Registros EN VIVO en nuestra web.","robots":{"index":"index","follow":"follow","max-snippet":"max-snippet:-1","max-image-preview":"max-image-preview:large","max-video-preview":"max-video-preview:-1"},"canonical":"https:\/\/dataref.net\/mx\/","og_locale":"es_ES","og_type":"article","og_title":"Noticias - dataref M\u00e9xico","og_description":"Primera cuenta en seguir estad\u00edsticamente a los argentinos por el mundo | Registros EN VIVO en nuestra web.","og_url":"https:\/\/dataref.net\/mx\/","og_site_name":"dataref M\u00e9xico","article_modified_time":"2024-04-03T12:41:34+00:00","og_image":[{"url":"https:\/\/dataref.net\/mx\/wp-content\/uploads\/2024\/03\/imago1042094768h.jpg","type":"","width":"","height":""}],"twitter_card":"summary_large_image","twitter_site":"@dataref_ar","twitter_misc":{"Tiempo de lectura":"4 minutos"},"schema":{"@context":"https:\/\/schema.org","@graph":[{"@type":"WebPage","@id":"https:\/\/dataref.net\/mx\/","url":"https:\/\/dataref.net\/mx\/","name":"Noticias - dataref M\u00e9xico","isPartOf":{"@id":"https:\/\/dataref.net\/mx\/#website"},"primaryImageOfPage":{"@id":"https:\/\/dataref.net\/mx\/#primaryimage"},"image":{"@id":"https:\/\/dataref.net\/mx\/#primaryimage"},"thumbnailUrl":"https:\/\/dataref.net\/mx\/wp-content\/uploads\/2024\/03\/imago1042094768h.jpg","datePublished":"2023-11-10T15:40:16+00:00","dateModified":"2024-04-03T12:41:34+00:00","description":"Primera cuenta en seguir estad\u00edsticamente a los argentinos por el mundo | Registros EN VIVO en nuestra web.","breadcrumb":{"@id":"https:\/\/dataref.net\/mx\/#breadcrumb"},"inLanguage":"es-AR","potentialAction":[{"@type":"ReadAction","target":["https:\/\/dataref.net\/mx\/"]}]},{"@type":"ImageObject","inLanguage":"es-AR","@id":"https:\/\/dataref.net\/mx\/#primaryimage","url":"https:\/\/dataref.net\/mx\/wp-content\/uploads\/2024\/03\/imago1042094768h.jpg","contentUrl":"https:\/\/dataref.net\/mx\/wp-content\/uploads\/2024\/03\/imago1042094768h.jpg","width":800,"height":533},{"@type":"BreadcrumbList","@id":"https:\/\/dataref.net\/mx\/#breadcrumb","itemListElement":[{"@type":"ListItem","position":1,"name":"Home","item":"https:\/\/dataref.net\/mx\/"},{"@type":"ListItem","position":2,"name":"Noticias"}]},{"@type":"WebSite","@id":"https:\/\/dataref.net\/mx\/#website","url":"https:\/\/dataref.net\/mx\/","name":"dataref","description":"","publisher":{"@id":"https:\/\/dataref.net\/mx\/#organization"},"potentialAction":[{"@type":"SearchAction","target":{"@type":"EntryPoint","urlTemplate":"https:\/\/dataref.net\/mx\/?s={search_term_string}"},"query-input":{"@type":"PropertyValueSpecification","valueRequired":true,"valueName":"search_term_string"}}],"inLanguage":"es-AR"},{"@type":"Organization","@id":"https:\/\/dataref.net\/mx\/#organization","name":"dataref","url":"https:\/\/dataref.net\/mx\/","logo":{"@type":"ImageObject","inLanguage":"es-AR","@id":"https:\/\/dataref.net\/mx\/#\/schema\/logo\/image\/","url":"https:\/\/dataref.net\/mx\/wp-content\/uploads\/2023\/12\/cropped-dataref-logo-blanco.4d39855902e69a709381.png","contentUrl":"https:\/\/dataref.net\/mx\/wp-content\/uploads\/2023\/12\/cropped-dataref-logo-blanco.4d39855902e69a709381.png","width":1500,"height":429,"caption":"dataref"},"image":{"@id":"https:\/\/dataref.net\/mx\/#\/schema\/logo\/image\/"},"sameAs":["https:\/\/x.com\/dataref_ar","https:\/\/www.instagram.com\/dataref_ar\/"]}]}},"_links":{"self":[{"href":"https:\/\/dataref.net\/mx\/wp-json\/wp\/v2\/pages\/6","targetHints":{"allow":["GET"]}}],"collection":[{"href":"https:\/\/dataref.net\/mx\/wp-json\/wp\/v2\/pages"}],"about":[{"href":"https:\/\/dataref.net\/mx\/wp-json\/wp\/v2\/types\/page"}],"author":[{"embeddable":true,"href":"https:\/\/dataref.net\/mx\/wp-json\/wp\/v2\/users\/1"}],"replies":[{"embeddable":true,"href":"https:\/\/dataref.net\/mx\/wp-json\/wp\/v2\/comments?post=6"}],"version-history":[{"count":58,"href":"https:\/\/dataref.net\/mx\/wp-json\/wp\/v2\/pages\/6\/revisions"}],"predecessor-version":[{"id":471,"href":"https:\/\/dataref.net\/mx\/wp-json\/wp\/v2\/pages\/6\/revisions\/471"}],"wp:attachment":[{"href":"https:\/\/dataref.net\/mx\/wp-json\/wp\/v2\/media?parent=6"}],"curies":[{"name":"wp","href":"https:\/\/api.w.org\/{rel}","templated":true}]}}